{"id":1856,"date":"2025-12-12T18:35:43","date_gmt":"2025-12-12T18:35:43","guid":{"rendered":"https:\/\/impromurcia.com\/?page_id=1856"},"modified":"2025-12-12T18:43:36","modified_gmt":"2025-12-12T18:43:36","slug":"el-perfil","status":"publish","type":"page","link":"https:\/\/impromurcia.com\/index.php\/el-perfil\/","title":{"rendered":"El Perfil"},"content":{"rendered":"\t\t<div data-elementor-type=\"wp-page\" data-elementor-id=\"1856\" class=\"elementor elementor-1856\">\n\t\t\t\t\t\t<section class=\"elementor-section elementor-top-section elementor-element elementor-element-8ebfa27 elementor-section-stretched elementor-section-boxed elementor-section-height-default elementor-section-height-default\" data-id=\"8ebfa27\" data-element_type=\"section\" data-settings=\"{&quot;stretch_section&quot;:&quot;section-stretched&quot;,&quot;background_background&quot;:&quot;classic&quot;}\">\n\t\t\t\t\t\t<div class=\"elementor-container elementor-column-gap-default\">\n\t\t\t\t\t<div class=\"elementor-column elementor-col-100 elementor-top-column elementor-element elementor-element-39f4e32\" data-id=\"39f4e32\" data-element_type=\"column\">\n\t\t\t<div class=\"elementor-widget-wrap elementor-element-populated\">\n\t\t\t\t\t\t<div class=\"elementor-element elementor-element-e02ac86 elementor-widget elementor-widget-heading\" data-id=\"e02ac86\" data-element_type=\"widget\" data-widget_type=\"heading.default\">\n\t\t\t\t<div class=\"elementor-widget-container\">\n\t\t\t\t\t<h2 class=\"elementor-heading-title elementor-size-default\">El Perfil<\/h2>\t\t\t\t<\/div>\n\t\t\t\t<\/div>\n\t\t\t\t\t<\/div>\n\t\t<\/div>\n\t\t\t\t\t<\/div>\n\t\t<\/section>\n\t\t\t\t<section class=\"elementor-section elementor-top-section elementor-element elementor-element-9309471 elementor-section-stretched elementor-section-boxed elementor-section-height-default elementor-section-height-default\" data-id=\"9309471\" data-element_type=\"section\" data-settings=\"{&quot;stretch_section&quot;:&quot;section-stretched&quot;,&quot;background_background&quot;:&quot;classic&quot;}\">\n\t\t\t\t\t\t<div class=\"elementor-container elementor-column-gap-default\">\n\t\t\t\t\t<div class=\"elementor-column elementor-col-33 elementor-top-column elementor-element elementor-element-a02b192\" data-id=\"a02b192\" data-element_type=\"column\">\n\t\t\t<div class=\"elementor-widget-wrap elementor-element-populated\">\n\t\t\t\t\t\t<div class=\"elementor-element elementor-element-4f0c77e elementor-widget elementor-widget-image\" data-id=\"4f0c77e\" data-element_type=\"widget\" data-widget_type=\"image.default\">\n\t\t\t\t<div class=\"elementor-widget-container\">\n\t\t\t\t\t\t\t\t\t\t\t\t\t\t\t<img fetchpriority=\"high\" decoding=\"async\" width=\"724\" height=\"1024\" src=\"https:\/\/impromurcia.com\/wp-content\/uploads\/2025\/12\/Mesa-de-trabajo-2-724x1024.jpg\" class=\"attachment-large size-large wp-image-1859\" alt=\"\" srcset=\"https:\/\/impromurcia.com\/wp-content\/uploads\/2025\/12\/Mesa-de-trabajo-2-724x1024.jpg 724w, https:\/\/impromurcia.com\/wp-content\/uploads\/2025\/12\/Mesa-de-trabajo-2-212x300.jpg 212w, https:\/\/impromurcia.com\/wp-content\/uploads\/2025\/12\/Mesa-de-trabajo-2-768x1086.jpg 768w, https:\/\/impromurcia.com\/wp-content\/uploads\/2025\/12\/Mesa-de-trabajo-2-1086x1536.jpg 1086w, https:\/\/impromurcia.com\/wp-content\/uploads\/2025\/12\/Mesa-de-trabajo-2-830x1174.jpg 830w, https:\/\/impromurcia.com\/wp-content\/uploads\/2025\/12\/Mesa-de-trabajo-2-230x325.jpg 230w, https:\/\/impromurcia.com\/wp-content\/uploads\/2025\/12\/Mesa-de-trabajo-2-350x495.jpg 350w, https:\/\/impromurcia.com\/wp-content\/uploads\/2025\/12\/Mesa-de-trabajo-2-480x679.jpg 480w, https:\/\/impromurcia.com\/wp-content\/uploads\/2025\/12\/Mesa-de-trabajo-2-600x848.jpg 600w, https:\/\/impromurcia.com\/wp-content\/uploads\/2025\/12\/Mesa-de-trabajo-2.jpg 1449w\" sizes=\"(max-width: 724px) 100vw, 724px\" \/>\t\t\t\t\t\t\t\t\t\t\t\t\t\t\t<\/div>\n\t\t\t\t<\/div>\n\t\t\t\t\t<\/div>\n\t\t<\/div>\n\t\t\t\t<div class=\"elementor-column elementor-col-66 elementor-top-column elementor-element elementor-element-afd07f8\" data-id=\"afd07f8\" data-element_type=\"column\">\n\t\t\t<div class=\"elementor-widget-wrap elementor-element-populated\">\n\t\t\t\t\t\t<div class=\"elementor-element elementor-element-d6a346d elementor-widget elementor-widget-text-editor\" data-id=\"d6a346d\" data-element_type=\"widget\" data-widget_type=\"text-editor.default\">\n\t\t\t\t<div class=\"elementor-widget-container\">\n\t\t\t\t\t\t\t\t\t<p><strong>Teatro Foro \u00b7 Teatro Social<\/strong><br \/>Duraci\u00f3n: 80 minutos \u00b7 P\u00fablico joven y adulto<\/p><h3><strong>Sinopsis<\/strong><\/h3><p><strong>PERFIL<\/strong>\u00a0es una propuesta de teatro foro que invita al p\u00fablico a reflexionar de forma activa sobre los estigmas que rodean a la salud mental, la inclusi\u00f3n social y la manera en que miramos \u2014y juzgamos\u2014 a los dem\u00e1s.<\/p><p>Pablo es mucho m\u00e1s que un trabajador encargado de limpiar un teatro. En su rutina diaria no solo barre el escenario: tambi\u00e9n intenta borrar las etiquetas que lo persiguen y enfrentarse al peso de los prejuicios que condicionan su vida y sus oportunidades. A trav\u00e9s de escenas basadas en experiencias reales, la obra pone sobre la mesa situaciones cotidianas que hablan de trabajo, dignidad, relaciones y mirada social.<\/p><p>PERFIL utiliza el\u00a0<strong>Teatro Foro<\/strong>\u00a0como herramienta principal: tras la representaci\u00f3n, el p\u00fablico deja de ser espectador para convertirse en parte activa del proceso. Puede intervenir, proponer alternativas y transformar las escenas, abriendo un espacio de di\u00e1logo colectivo donde cada persona tiene voz y capacidad de acci\u00f3n. Aqu\u00ed, el teatro no da respuestas cerradas, sino que lanza preguntas y construye reflexi\u00f3n compartida.<\/p><h3><strong>Sobre el proyecto<\/strong><\/h3><p>PERFIL nace de un proceso comunitario impulsado por\u00a0<strong>Cruz Roja<\/strong>, en el que han participado personas usuarias y familiares del\u00a0<strong>Centro de Recuperaci\u00f3n e Inclusi\u00f3n Social y Sociolaboral para Personas con Problemas de Salud Mental de Alcoy<\/strong>, participantes del\u00a0<strong>Taller Creativo de los Servicios Sociales del Ayuntamiento de Mutxamel<\/strong>, personas del programa\u00a0<strong>SASEM de Mutxamel<\/strong>, as\u00ed como alumnado y profesorado del\u00a0<strong>IES Gran V\u00eda de Alicante<\/strong>.<\/p><p>Todo el contenido art\u00edstico \u2014texto, escenograf\u00eda y carteler\u00eda\u2014 es fruto de una\u00a0<strong>creaci\u00f3n colectiva<\/strong>. Desde ImproMurcia hemos dise\u00f1ado y dinamizado talleres de juego, investigaci\u00f3n y creaci\u00f3n esc\u00e9nica que han permitido transformar las experiencias compartidas en una dramaturgia com\u00fan. Nada de lo que sucede en escena es ficci\u00f3n: cada situaci\u00f3n nace de historias reales, vividas y contadas por sus propias protagonistas durante el proceso.<\/p><p>PERFIL es teatro, como encuentro, como herramienta social y como espacio para mirar de otra manera.<\/p><p><b>Equipo art\u00edstico y t\u00e9cnico<\/b><\/p><p><b>Dramaturgia:<\/b>\u00a0Rafa P. Mart\u00ednez, a partir de experiencias reales compartidas por Gustavo, Juan Ma, Tom\u00e1s, Ver\u00f3nica, Montse, Abel, Salva y Lourdes, junto con familiares de personas usuarias.<br \/><b>Direcci\u00f3n esc\u00e9nica:<\/b>\u00a0ImproMurcia<br \/><b>Reparto:<\/b><\/p><ul><li>Joselu Cremades<\/li><li>Elena Miralles<\/li><li>Rafa P. Mart\u00ednez<\/li><li>Samuel Eskri<\/li><\/ul><p><b>Facilitadora del foro:<\/b>\u00a0Eva Zafra Mariana<br \/><b>Equipo t\u00e9cnico y art\u00edstico:<\/b><\/p><ul><li>Dani Bravo<\/li><li>David Gil (Escuela Gr\u00e1fica Daguten)<\/li><\/ul>\t\t\t\t\t\t\t\t<\/div>\n\t\t\t\t<\/div>\n\t\t\t\t\t<\/div>\n\t\t<\/div>\n\t\t\t\t\t<\/div>\n\t\t<\/section>\n\t\t\t\t<\/div>\n\t\t","protected":false},"excerpt":{"rendered":"<p>El Perfil Teatro Foro \u00b7 Teatro SocialDuraci\u00f3n: 80 minutos \u00b7 P\u00fablico joven y adulto Sinopsis PERFIL\u00a0es una propuesta de teatro foro que invita al p\u00fablico a reflexionar de forma activa sobre los estigmas que rodean a la salud mental, la inclusi\u00f3n social y la manera en que miramos \u2014y juzgamos\u2014 a los dem\u00e1s. Pablo es [&hellip;]<\/p>\n","protected":false},"author":1,"featured_media":0,"parent":0,"menu_order":0,"comment_status":"closed","ping_status":"closed","template":"","meta":{"footnotes":""},"class_list":["post-1856","page","type-page","status-publish","hentry"],"jetpack_sharing_enabled":true,"_links":{"self":[{"href":"https:\/\/impromurcia.com\/index.php\/wp-json\/wp\/v2\/pages\/1856","targetHints":{"allow":["GET"]}}],"collection":[{"href":"https:\/\/impromurcia.com\/index.php\/wp-json\/wp\/v2\/pages"}],"about":[{"href":"https:\/\/impromurcia.com\/index.php\/wp-json\/wp\/v2\/types\/page"}],"author":[{"embeddable":true,"href":"https:\/\/impromurcia.com\/index.php\/wp-json\/wp\/v2\/users\/1"}],"replies":[{"embeddable":true,"href":"https:\/\/impromurcia.com\/index.php\/wp-json\/wp\/v2\/comments?post=1856"}],"version-history":[{"count":4,"href":"https:\/\/impromurcia.com\/index.php\/wp-json\/wp\/v2\/pages\/1856\/revisions"}],"predecessor-version":[{"id":1862,"href":"https:\/\/impromurcia.com\/index.php\/wp-json\/wp\/v2\/pages\/1856\/revisions\/1862"}],"wp:attachment":[{"href":"https:\/\/impromurcia.com\/index.php\/wp-json\/wp\/v2\/media?parent=1856"}],"curies":[{"name":"wp","href":"https:\/\/api.w.org\/{rel}","templated":true}]}}